{"id":299,"date":"2017-01-11T10:21:14","date_gmt":"2017-01-11T08:21:14","guid":{"rendered":"http:\/\/apartmanymaliarik.sk\/?page_id=299"},"modified":"2025-01-31T12:34:35","modified_gmt":"2025-01-31T10:34:35","slug":"celorocne-aktivity","status":"publish","type":"page","link":"https:\/\/apartmanymaliarik.sk\/sk_sk\/aktivity\/celorocne-aktivity\/","title":{"rendered":"CELORO\u010cN\u00c9 AKTIVITY"},"content":{"rendered":"<section class=\"wpb-content-wrapper\"><div class=\"vc_row wpb_row vc_row-fluid\"><div class=\"wpb_column vc_column_container vc_col-sm-12\"><div class=\"vc_column-inner\"><div class=\"wpb_wrapper\">\n\t<div class=\"wpb_text_column wpb_content_element \" >\n\t\t<div class=\"wpb_wrapper\">\n\t\t\t<p style=\"text-align: justify;\"><strong><em>PR\u00cdRODA<br \/>\n<\/em><\/strong>Medzi najkraj\u0161ie turistick\u00e9 ciele, ktor\u00e9 m\u00f4\u017eete v N\u00edzkych Tatr\u00e1ch nav\u0161t\u00edvi\u0165 patria: <strong>Chopok<\/strong> (2024 m.n.m.), <strong>\u010eumbier<\/strong> (2043 m.n.m.) a <strong>Kr\u00e1\u013eova ho\u013ea<\/strong> (1948 m.n.m.). Zaradi\u0165 ich m\u00f4\u017eeme medzi fyzicky n\u00e1ro\u010dn\u00e9, ale <strong>v\u00fdh\u013ead<\/strong> z ich vrcholu ur\u010dite stoj\u00ed za t\u00fa n\u00e1mahu. Ak patr\u00edte medzi zdatn\u00fdch turistov m\u00f4\u017eete si napl\u00e1nova\u0165 t\u00faru po <strong>hrebeni<\/strong> v smere z\u00e1pad \u2013 v\u00fdchod, pr\u00edpadne naopak. Jednou z najkraj\u0161\u00edch pr\u00edrodn\u00fdch pamiatok N\u00edzkych Tatier je <strong>Vrbick\u00e9 pleso<\/strong>. Nach\u00e1dza sa v nadmorskej v\u00fd\u0161ke 1113 m.n.m. v z\u00e1padnej \u010dasti Dem\u00e4novskej Doliny. Vzniklo pri topen\u00ed <strong>\u013eadovca<\/strong> na severn\u00fdch svahoch Chopka a Dere\u0161a. Je to <strong>mor\u00e9nov\u00e9 jazero<\/strong> \u010do znamen\u00e1, \u017ee vzniklo v \u010dasti, ktor\u00fa vyh\u013abila mor\u00e9na (skaln\u00e1 su\u0165). Pri topen\u00ed \u013eadu sa voda v\u00a0tejto \u010dasti nahromadila a nesk\u00f4r do\u0161lo k zahradeniu in\u00fdm pr\u00edrodn\u00fdm materi\u00e1lom. Aj preto rad\u00edme Vrbick\u00e9 pleso medzi hraden\u00e9 a mor\u00e9nov\u00e9 jazer\u00e1, ktor\u00e9 s\u00fa typick\u00e9 ve\u013ekou rozlohou, malou h\u013abkou a malebn\u00fdmi brehmi. To dokazuje aj toto pleso. Zaber\u00e1 plochu 0,69 ha, dosahuje h\u013abku maxim\u00e1lne 8 m, a\u00a0m\u00e1 d\u013a\u017eku 115 m a \u0161\u00edrku 62 m. Na jeho brehoch sa postupne roz\u0161iruje <strong>veget\u00e1cia<\/strong> (ihli\u010dnat\u00e9 i listnat\u00e9 stromy) a okolie je spr\u00edstupnen\u00e9 turistick\u00fdmi chodn\u00edkmi. Od roku 1975 je pleso chr\u00e1nen\u00e9 ako pr\u00edrodn\u00e1 pamiatka s najvy\u0161\u0161\u00edm, piatym stup\u0148om ochrany.<\/p>\n<p style=\"text-align: justify;\"><strong>M\u00daZE\u00c1, PAMIATKY A GAL\u00c9RIE<br \/>\n<\/strong><strong><em>M\u00daZEUM LIPTOVSKEJ DEDINY V\u00a0PRIBYLINE<br \/>\n<\/em><\/strong><strong>m\u00fazeum v pr\u00edrode <\/strong>je najnav\u0161tevovanej\u0161ou expoz\u00edciou Liptovsk\u00e9ho m\u00fazea. Okrem expoz\u00edcii tradi\u010dn\u00e9ho sp\u00f4sobu \u017eivota a zamestnania r\u00f4znych spolo\u010densk\u00fdch a soci\u00e1lnych vrstiev Liptova v minulosti m\u00e1 m\u00fazeum v pr\u00edrode st\u00e1lu ponuku programov\u00fdch podujat\u00ed pod\u013ea kalend\u00e1ra. Objekty poch\u00e1dzaj\u00fa z nieko\u013ek\u00fdch liptovsk\u00fdch ded\u00edn, preva\u017ene z oblasti zatopenej vodnou priehradou Liptovsk\u00e1 Mara. S\u00fa to k\u00f3pie origin\u00e1lnych stavieb s po\u010detn\u00fdmi p\u00f4vodn\u00fdmi prvkami. Okrem drevenej \u013eudovej architekt\u00fary tu n\u00e1jdete rekon\u0161trukcie dvoch origin\u00e1lnych stredovek\u00fdch kamenn\u00fdch objektov \u2013 ranogotick\u00fd kostol Panny M\u00e1rie z Liptovskej Mary a goticko-renese\u010dn\u00fd ka\u0161tie\u013e z\u00a0Par\u00ed\u017eoviec.<\/p>\n<p style=\"text-align: justify;\"><strong><em>ARTIKUL\u00c1RNY KOSTOL VO SV. KR\u00cd\u017dI<br \/>\n<\/em><\/strong>tento celodreven\u00fd <strong>evanjelick\u00fd kostol <\/strong>bol do katastra obce Sv\u00e4t\u00fd Kr\u00ed\u017e prenesen\u00fd v rokoch 1974-1982 z Pal\u00fadze. P\u00f4dorys kostola s d\u013a\u017ekou 43 m m\u00e1 podobu kr\u00ed\u017ea a dovn\u00fatra vojde takmer \u0161es\u0165tis\u00edc n\u00e1v\u0161tevn\u00edkov. V interi\u00e9ry sa nach\u00e1dza pozoruhodn\u00fd dreven\u00fd barokov\u00fd olt\u00e1r z roku 1693 s obrazom premenenia Krista. Unik\u00e1tna je aj kazate\u013enica stojaca na zrubovom z\u00e1klade, akoby spredu podopren\u00e1 barokov\u00fdm anjelom . Dvojschodov\u00e9 ch\u00f3rov\u00e9 empory zdobia biblick\u00e9 ma\u013eby, ktor\u00e9 spolu s ve\u013ek\u00fdm lustrom z ben\u00e1tskeho skla dotv\u00e1raj\u00fa \u010darovn\u00e9 vn\u00fatro kostola. S kostolom tvor\u00ed harmonick\u00fd celok samostatne stojaca dreven\u00e1 ve\u017ea sl\u00fa\u017eiaca ako zvonica, ktor\u00e1 bola pristaven\u00e1 nesk\u00f4r.<\/p>\n<p style=\"text-align: justify;\"><strong><em>HAVR\u00c1NOK<br \/>\n<\/em><\/strong><strong>keltsk\u00e9 n\u00e1lezisko<\/strong> HAVR\u00c1NOK sa nach\u00e1dza na v\u0155\u0161ku \u00dalo\u017eisko pri vodnej n\u00e1dr\u017ei Liptovsk\u00e1 Mara. Na\u0161lo sa tu s\u00eddlisko z mlad\u0161ej doby \u017eeleznej (300-100 pred n.l.). V 11. a\u017e 15. storo\u010d\u00ed tu st\u00e1l slovansk\u00fd dreven\u00fd hr\u00e1dok opevnen\u00fd palis\u00e1dami. Stavby obydlia, obetisk\u00e1, pec a r\u00f4zne predmety boli \u010diasto\u010dne rekon\u0161truovan\u00e9 a tvoria archeologick\u00e9 m\u00fazeum v pr\u00edrode. \u010ealej sa tu nach\u00e1dzaj\u00fa rekon\u0161trukcie keltsk\u00fdch stavieb, rekon\u0161truovan\u00e1 latensk\u00e1 hradba a br\u00e1na, stredovek\u00e1 obrann\u00e1 priekopa, most, dl\u00e1\u017eden\u00e9 n\u00e1dvorie a suter\u00e9n drevenej, obytnej ve\u017ee, rekon\u0161truuje sa stredovek\u00fd kostol. Vyhl\u00e1sen\u00e9 za n\u00e1rodn\u00fa kult\u00farnu pamiatku v roku 1967.<\/p>\n<p style=\"text-align: justify;\"><strong><em>VLKOL\u00cdNEC<br \/>\n<\/em><\/strong>je podhorsk\u00e1 osada a najzachovalej\u0161ia rezerv\u00e1cia <strong>\u013eudovej architekt\u00fary<\/strong> na Slovensku. \u010cisto dreven\u00e1 obec bola od 1977 pamiatkov\u00e1 rezerv\u00e1cia \u013eudovej architekt\u00fary a v decembri 1993 zap\u00edsan\u00e1 do zoznamu Svetov\u00e9ho pr\u00edrodn\u00e9ho a kult\u00farneho dedi\u010dstva UNESCO. Prv\u00e1 p\u00edsomn\u00e1 zmienka je z roku 1376 ako ulica mesta Ru\u017eomberok. Vznikol ako osada drevoruba\u010dov, alebo uhliarov. Ako jedin\u00e1 obec na Slovensku nie je naru\u0161en\u00e1 novou v\u00fdstavbou. Dominantou obce je dreven\u00e1 zvonica. V obci je 45 p\u00f4vodn\u00fdch stavieb \u013eudovej architekt\u00fary, ktor\u00e9 tvoria pozoruhodn\u00fa architektonick\u00fa jednotu. Drevenice, pri\u013eahl\u00e9 hospod\u00e1rske objekty s\u00fa ide\u00e1lne zachoval\u00fdm obrazom niekdaj\u0161ej slovenskej horskej obce s cel\u00fdm jej svojr\u00e1zom. Je to \u017eiv\u00fd skanzen slovensk\u00e9ho horsk\u00e9ho b\u00fdvania na p\u00f4vodnom mieste. Jedin\u00e1 murovan\u00e1 stavba v obci je kostol\u00edk.<\/p>\n<p style=\"text-align: justify;\"><strong><em>VOJENSK\u00dd CINTOR\u00cdN<br \/>\n<\/em><\/strong>na ceste medzi \u0160trbou a Va\u017ecom sa nach\u00e1dza jeden z najv\u00e4\u010d\u0161\u00edch vojensk\u00fdch <strong>cintor\u00ednov<\/strong> na Slovensku. Je to cintor\u00edn nemeck\u00fdch vojakov, ktor\u00fd bojovali v 2 sv. vojne. Toto pietne miesto, kde svoj ve\u010dn\u00fd sen sn\u00edvaj\u00fa padl\u00ed vojaci le\u017e\u00ed v tieni tatransk\u00fdch kon\u010diarov. Are\u00e1l je celoro\u010dne udr\u017eiavan\u00fd a bol ocenen\u00fd slovenskou cenou za architekt\u00faru. Aj ke\u010f mu\u017ei pochovan\u00fd na tomto cintor\u00edne bojovali za ide\u00e1ly ktor\u00e9 boli ak\u00e9 boli, toto miesto nech je mementom pre v\u0161etk\u00fdch.<\/p>\n<p style=\"text-align: justify;\"><strong><em>R\u00cdMSKO-KATOL\u00cdCKY KOSTOL SV\u00c4T\u00c9HO MIKUL\u00c1\u0160A &#8211;\u00a0<\/em><\/strong>najstar\u0161ia <strong>stavebn\u00e1 pamiatka<\/strong> v meste Liptovsk\u00fd Mikul\u00e1\u0161, prv\u00e1 p\u00edsomn\u00e1 zmienka poch\u00e1dza z roku 1299.<\/p>\n<p style=\"text-align: justify;\"><strong><em>CENTRUM KOLOMANA SOKOLA &#8211;\u00a0<\/em><\/strong>gal\u00e9ria v\u00fdznamn\u00e9ho <strong>grafika a maliara<\/strong>, mikul\u00e1\u0161skeho rod\u00e1ka Kolomana Sokola.<\/p>\n<p style=\"text-align: justify;\"><strong><em>M\u00daZEUM JANKA KR\u00c1\u013dA &#8211;\u00a0<\/em><\/strong>v st\u00e1lej expoz\u00edcii \u201eKapitoly z hist\u00f3rie mesta l. Mikul\u00e1\u0161\u201c predstavuje <strong>dejiny <\/strong>mesta od prevej p\u00edsomnej zmienky po rok 1945.<\/p>\n<p style=\"text-align: justify;\"><strong><em>MIKUL\u00c1\u0160SKA MU\u010cIARE\u0147 &#8211;\u00a0<\/em><\/strong>expoz\u00edcia pribli\u017euj\u00faca \u201etrpn\u00e9\u201c vypo\u010d\u00favanie legend\u00e1rneho <strong>zbojn\u00edka<\/strong> Juraja J\u00e1no\u0161\u00edka v marci 1713.<\/p>\n<p style=\"text-align: justify;\"><strong><em>SYNAG\u00d3GA &#8211;\u00a0<\/em><\/strong>posledn\u00fd pam\u00e4tn\u00edk <strong>\u017eidovskej <\/strong>hist\u00f3rie v Liptovskom Mikul\u00e1\u0161i.<\/p>\n<p style=\"text-align: justify;\"><strong><em>LIPTOVSK\u00c9 M\u00daZEUM \u2013 \u010cIERNY OROL &#8211;\u00a0<\/em><\/strong>dejiny <strong>po\u013eovn\u00edctva <\/strong>a ryb\u00e1rstva na Liptove.<\/p>\n<p style=\"text-align: justify;\"><strong><em>SLOVENSK\u00c9 M\u00daZEUM OCHRANY PR\u00cdRODY A\u00a0JASKYNIARSTVA &#8211;\u00a0<\/em><\/strong>m\u00fazeum slovensk\u00e9ho <strong>jaskynn\u00e9ho bohatstva<\/strong>, miner\u00e1lov, slovenskej fauny a\u00a0fl\u00f3ry.<\/p>\n<p style=\"text-align: justify;\"><strong><em>LIPTOVSK\u00c1 GAL\u00c9RIA PETRA MICHALA BOH\u00da\u0147A &#8211;\u00a0<\/em><\/strong>tretia najstar\u0161ia gal\u00e9ria na Slovensku spr\u00edstup\u0148uje <strong>umeleck\u00e9 diela<\/strong> star\u00e9ho, modern\u00e9ho i s\u00fa\u010dasn\u00e9ho umenia.<\/p>\n<p style=\"text-align: justify;\"><strong><em>GAL\u00c9RIA \u013dUDOV\u00cdTA FULLU V\u00a0RU\u017dOMBERKU &#8211;\u00a0<\/em><\/strong>budovu gal\u00e9rie bola navrhnut\u00e1 a postaven\u00e1, aby uchov\u00e1vala a verejnosti spr\u00edstup\u0148ovala <strong>v\u00fdtvarn\u00e9 dielo<\/strong> \u013dudov\u00edta Fullu, ktor\u00e9 tento umelec daroval \u0161t\u00e1tu. Verejnosti je spr\u00edstupnen\u00fd aj umelcov ateli\u00e9r a ob\u00fdvacie priestory. Okrem st\u00e1lej expoz\u00edcie diela tohto autora sa v gal\u00e9rii ka\u017edoro\u010dne konaj\u00fa r\u00f4zne kr\u00e1tkodob\u00e9 v\u00fdstavy v\u00fdtvarn\u00fdch diel, kult\u00farne a vzdel\u00e1vacie programy pre verejnos\u0165.<\/p>\n<p style=\"text-align: justify;\"><strong>HISTORICK\u00c1 SO\u013dN\u00c1 CESTA &#8211;\u00a0<\/strong>pozost\u00e1va z v\u00fdtvarn\u00fdch diel a textov\u00e9ho materi\u00e1lu. Pribli\u017euje dejiny obchodu so so\u013eou a cesty, ktor\u00fdmi t\u00e1to vz\u00e1cna surovina do Liptovsk\u00e9ho Hr\u00e1dku prich\u00e1dzala.<\/p>\n<p style=\"text-align: justify;\"><strong>MODROTLA\u010c V\u00a0LIPTOVE .\u00a0<\/strong>dejiny modrotla\u010diarstva ako cechov\u00e9ho remesla v Liptove, prezent\u00e1cia \u013eudov\u00e9ho odevu a\u00a0bytov\u00e9ho textilu z modrotla\u010de, v\u00fdstava modrotla\u010dov\u00fdch foriem. Rekon\u0161trukcia dielne posledn\u00e9ho majstra Daniela \u017di\u0161ku z H\u00fdb.<\/p>\n<p style=\"text-align: justify;\"><strong>GAL\u00c9RIA PALI\u010cKOVANEJ \u010cIPKY &#8211;\u00a0<\/strong>liptovsk\u00e1 pali\u010dkovan\u00e1 \u010dipka, charakteristick\u00e9 vzory \u010depcov\u00fdch \u010dipiek, \u010dipka pou\u017e\u00edvan\u00e1 v \u013eudovom odeve a bytovom textile. Prezent\u00e1cia projektu \u010cipk\u00e1rska cesta.<\/p>\n<p style=\"text-align: justify;\"><strong>EXPOZ\u00cdCIA OV\u010cIARSTVA<br \/>\n<\/strong>\u0161pecializovan\u00e1 expoz\u00edcia pastierskej kult\u00fary je vybudovan\u00e1 v podkrov\u00ed historick\u00e9ho objektu. M\u00e1 nadregion\u00e1lny charakter a jej cie\u013eom je prezent\u00e1cia kult\u00farnych trad\u00edci\u00ed spojen\u00fdch s tradi\u010dn\u00fdmi formami chovu oviec. Okrem dreven\u00fdch sala\u0161n\u00fdch stavieb a \u00fa\u017eitkov\u00fdch predmetov na spracovanie ov\u010dieho mlieka s\u00fa tu odevy a charakteristick\u00e9 odevn\u00e9 doplnky ov\u010diarov z viacer\u00fdch regi\u00f3nov Slovenska. Samostatn\u00fa \u010das\u0165 tvor\u00ed Gal\u00e9ria \u013eudov\u00e9ho v\u00fdtvarn\u00e9ho prejavu.<\/p>\n\n\t\t<\/div>\n\t<\/div>\n<\/div><\/div><\/div><\/div>\n<\/section>","protected":false},"excerpt":{"rendered":"PR\u00cdRODA Medzi najkraj\u0161ie turistick\u00e9 ciele, ktor\u00e9 m\u00f4\u017eete v N\u00edzkych Tatr\u00e1ch nav\u0161t\u00edvi\u0165 patria: Chopok (2024 m.n.m.), \u010eumbier (2043 m.n.m.) a Kr\u00e1\u013eova ho\u013ea (1948 m.n.m.). Zaradi\u0165 ich m\u00f4\u017eeme medzi fyzicky n\u00e1ro\u010dn\u00e9, ale v\u00fdh\u013ead z ich vrcholu ur\u010dite stoj\u00ed za t\u00fa n\u00e1mahu. Ak patr\u00edte medzi zdatn\u00fdch turistov m\u00f4\u017eete si napl\u00e1nova\u0165 t\u00faru po hrebeni v smere z\u00e1pad \u2013 v\u00fdchod,<a href=\"https:\/\/apartmanymaliarik.sk\/sk_sk\/aktivity\/celorocne-aktivity\/\" class=\"sohohotel-more-link\">Read More<\/a>","protected":false},"author":1,"featured_media":0,"parent":115,"menu_order":0,"comment_status":"closed","ping_status":"closed","template":"","meta":{"footnotes":""},"class_list":["post-299","page","type-page","status-publish","hentry"],"_links":{"self":[{"href":"https:\/\/apartmanymaliarik.sk\/sk_sk\/wp-json\/wp\/v2\/pages\/299","targetHints":{"allow":["GET"]}}],"collection":[{"href":"https:\/\/apartmanymaliarik.sk\/sk_sk\/wp-json\/wp\/v2\/pages"}],"about":[{"href":"https:\/\/apartmanymaliarik.sk\/sk_sk\/wp-json\/wp\/v2\/types\/page"}],"author":[{"embeddable":true,"href":"https:\/\/apartmanymaliarik.sk\/sk_sk\/wp-json\/wp\/v2\/users\/1"}],"replies":[{"embeddable":true,"href":"https:\/\/apartmanymaliarik.sk\/sk_sk\/wp-json\/wp\/v2\/comments?post=299"}],"version-history":[{"count":6,"href":"https:\/\/apartmanymaliarik.sk\/sk_sk\/wp-json\/wp\/v2\/pages\/299\/revisions"}],"predecessor-version":[{"id":10499,"href":"https:\/\/apartmanymaliarik.sk\/sk_sk\/wp-json\/wp\/v2\/pages\/299\/revisions\/10499"}],"up":[{"embeddable":true,"href":"https:\/\/apartmanymaliarik.sk\/sk_sk\/wp-json\/wp\/v2\/pages\/115"}],"wp:attachment":[{"href":"https:\/\/apartmanymaliarik.sk\/sk_sk\/wp-json\/wp\/v2\/media?parent=299"}],"curies":[{"name":"wp","href":"https:\/\/api.w.org\/{rel}","templated":true}]}}